{"id":225,"date":"2024-07-20T18:16:43","date_gmt":"2024-07-20T16:16:43","guid":{"rendered":"https:\/\/verderebelde.es\/?post_type=product&#038;p=225"},"modified":"2024-10-25T17:30:41","modified_gmt":"2024-10-25T15:30:41","slug":"sweet-amnesia-haze-xl-auto","status":"publish","type":"product","link":"https:\/\/verderebelde.es\/fr\/produit\/sweet-amnesia-haze-xl-auto\/","title":{"rendered":"Sweet Amnesia Haze XL Auto"},"content":{"rendered":"<h2><strong><span style=\"color: #7e9f6b;\"><span style=\"vertical-align: inherit;\">DESCRIPTION<\/span><\/span><\/strong><\/h2>\n<p><span style=\"vertical-align: inherit;\">Pour introduire le caract\u00e8re autoflorissant dans cette g\u00e9n\u00e9tique, Sweet Seeds a utilis\u00e9 des vari\u00e9t\u00e9s s\u00e9lectionn\u00e9es de sa vari\u00e9t\u00e9 SAD Sweet Afghani Delicious Auto, qui conf\u00e8re au croisement un fond d&#039;ar\u00f4mes sucr\u00e9s et m\u00e9lang\u00e9s.<\/span><\/p>\n<p><span style=\"vertical-align: inherit;\">Cette vari\u00e9t\u00e9 a un ar\u00f4me d&#039;encens agr\u00e9able, tr\u00e8s complexe et profond, avec des tons doux et m\u00e9lang\u00e9s, et des notes d&#039;agrumes citronn\u00e9s, avec du bois et des fruits secs.<\/span><\/p>\n<p><span style=\"vertical-align: inherit;\">Grande vari\u00e9t\u00e9 autoflorissante, tr\u00e8s r\u00e9sineuse et productive.<\/span><\/p>\n<h2><span style=\"color: #7e9f6b;\"><strong><span style=\"vertical-align: inherit;\">FICHE TECHNIQUE SWEET AMNESIA HAZE XL AUTO<\/span><\/strong><\/span><\/h2>\n<p><strong><span style=\"vertical-align: inherit;\">Vari\u00e9t\u00e9:<\/span><\/strong><span style=\"vertical-align: inherit;\"> SWS57<\/span><\/p>\n<p><strong><span style=\"vertical-align: inherit;\">Indique\u00a0:\u00a0<\/span><\/strong><span style=\"vertical-align: inherit;\"> 24,4%<\/span><\/p>\n<p><strong><span style=\"vertical-align: inherit;\">Sativa\u00a0:<\/span><\/strong><span style=\"vertical-align: inherit;\"> 74%<\/span><\/p>\n<p><strong><span style=\"vertical-align: inherit;\">Rud\u00e9ralis :<\/span><\/strong><span style=\"vertical-align: inherit;\"> 1,6%<\/span><\/p>\n<p><strong><span style=\"vertical-align: inherit;\">THC\u00a0:<\/span><\/strong><span style=\"vertical-align: inherit;\"> 15-20%<\/span><\/p>\n<p><strong><span style=\"vertical-align: inherit;\">CBD\u00a0:<\/span><\/strong><span style=\"vertical-align: inherit;\"> 0,5%<\/span><\/p>\n<p><strong><span style=\"vertical-align: inherit;\">Production interne\u00a0:<\/span><\/strong><span style=\"vertical-align: inherit;\"> 400-600\u00a0<\/span><span style=\"vertical-align: inherit;\">g\/m\u00b2<\/span><\/p>\n<p><strong><span style=\"vertical-align: inherit;\">Production \u00e9trang\u00e8re :<\/span><\/strong><span style=\"vertical-align: inherit;\"> 50-200 g\/plante<\/span><\/p>\n<p><strong><span style=\"vertical-align: inherit;\">R\u00e9colte int\u00e9rieure\/ext\u00e9rieure\u00a0:<\/span><\/strong><span style=\"vertical-align: inherit;\"> 8 \u00e0 9 semaines apr\u00e8s la germination<\/span><\/p>\n<p><strong><span style=\"vertical-align: inherit;\">Hauteur:<\/span><\/strong><span style=\"vertical-align: inherit;\"> 60-120 cm<\/span><\/p>\n<p><strong><span style=\"vertical-align: inherit;\">Parfum:<\/span><\/strong><span style=\"vertical-align: inherit;\"> Citron, Musc, Bois\u00e9, Agrumes, Doux<\/span><\/p>","protected":false},"excerpt":{"rendered":"<p><span style=\"vertical-align: inherit;\">Autofloraison de 4\u00e8me g\u00e9n\u00e9ration. Pour le d\u00e9veloppement de cette vari\u00e9t\u00e9, Sweer Seeds a utilis\u00e9 le c\u00e9l\u00e8bre clone d&#039;Amnesia Haze \u00ab Cordobesa \u00bb.<\/span><\/p>","protected":false},"featured_media":226,"comment_status":"open","ping_status":"closed","template":"","meta":{"_et_pb_use_builder":"","_et_pb_old_content":"","_et_gb_content_width":"","_monsterinsights_skip_tracking":false,"_monsterinsights_sitenote_active":false,"_monsterinsights_sitenote_note":"","_monsterinsights_sitenote_category":0,"_joinchat":[]},"product_brand":[],"product_cat":[81,15],"product_tag":[73],"class_list":{"0":"post-225","1":"product","2":"type-product","3":"status-publish","4":"has-post-thumbnail","6":"product_cat-semillas-cannabis-calidad","7":"product_cat-productos-cbd-baratos","8":"product_tag-100-legal-en-europa","10":"first","11":"instock","12":"taxable","13":"shipping-taxable","14":"purchasable","15":"product-type-simple"},"aioseo_notices":[],"_links":{"self":[{"href":"https:\/\/verderebelde.es\/fr\/wp-json\/wp\/v2\/product\/225","targetHints":{"allow":["GET"]}}],"collection":[{"href":"https:\/\/verderebelde.es\/fr\/wp-json\/wp\/v2\/product"}],"about":[{"href":"https:\/\/verderebelde.es\/fr\/wp-json\/wp\/v2\/types\/product"}],"replies":[{"embeddable":true,"href":"https:\/\/verderebelde.es\/fr\/wp-json\/wp\/v2\/comments?post=225"}],"wp:featuredmedia":[{"embeddable":true,"href":"https:\/\/verderebelde.es\/fr\/wp-json\/wp\/v2\/media\/226"}],"wp:attachment":[{"href":"https:\/\/verderebelde.es\/fr\/wp-json\/wp\/v2\/media?parent=225"}],"wp:term":[{"taxonomy":"product_brand","embeddable":true,"href":"https:\/\/verderebelde.es\/fr\/wp-json\/wp\/v2\/product_brand?post=225"},{"taxonomy":"product_cat","embeddable":true,"href":"https:\/\/verderebelde.es\/fr\/wp-json\/wp\/v2\/product_cat?post=225"},{"taxonomy":"product_tag","embeddable":true,"href":"https:\/\/verderebelde.es\/fr\/wp-json\/wp\/v2\/product_tag?post=225"}],"curies":[{"name":"wp","href":"https:\/\/api.w.org\/{rel}","templated":true}]}}